{"id":361348,"date":"2013-09-13T00:00:00","date_gmt":"2013-09-12T22:00:00","guid":{"rendered":"https:\/\/barcelonaroom.com\/property\/p-flo-3\/"},"modified":"2026-04-28T17:37:05","modified_gmt":"2026-04-28T15:37:05","slug":"p-flo","status":"publish","type":"accommodation","link":"https:\/\/barcelonaroom.com\/fr\/propri\u00e9t\u00e9\/p-flo\/","title":{"rendered":"P FLO"},"content":{"rendered":"<p><strong>R\u00e9f\u00e9rence: P FLORESTA 1<\/strong><br \/>\nAppartement paisible avec garage pour v\u00e9los et \u00a0jardin de 300 m2 allant tout autour de la maison. Vue panoramique sur les vall\u00e9es. Tr\u00e8s lumineux, calme et meubl\u00e9 avec cuisine \u00e9quip\u00e9e de 8 m2. Une <strong>salle de bain avec douche et wc <\/strong>avec une jolie vue. <strong>Hall d&rsquo;entr\u00e9e de 5 m2<\/strong> et 1 chambre double. Le jardin est partag\u00e9 avec les habitants qui vivent au-dessus de l&rsquo;appartement (une femme fran\u00e7aise avec son fils de 22 ans et d&rsquo;autres locataires). Situ\u00e9 \u00e0 <strong>\u00ab\u00a0La Floresta\u00a0\u00bb(sant cugat del valles)<\/strong>, \u00e0 10 kms du centre de Barcelone et derri\u00e8re le<strong> \u00ab\u00a0Tibidabo\u00a0\u00bb<\/strong>. Il est facile de trouver une place de parking proche de l&rsquo;appartement.. Il y a des poules sur un terrain clot.<\/p>\n<p><strong>EQUIPEMENT<\/strong><br \/>\nDouble vitrage dans tout l&rsquo;appartement sauf Sdb .Chemin\u00e9e\/Po\u00eble et chauffage \u00e9lectrique, machine \u00e0 laver, frigidaire, cafeti\u00e8re, <strong>INTERNET WIFI<\/strong>. Des draps et serviettes sont \u00e0 dispositions des clients.<\/p>\n<p><strong>SITUATION<br \/>\nA 5 min \u00e0 pied de la station de ferrocarril\/M\u00e9tro : \u00ab\u00a0La Floresta\u00a0\u00bb<\/strong><br \/>\nA c\u00f4t\u00e9 du parc de <strong>\u00ab\u00a0Collserola\u00a0\u00bb<\/strong> <strong>et <\/strong><strong>\u00ab\u00a0Tibidabo\u00a0\u00bb<\/strong>.<br \/>\nC&rsquo;est une petite ville tr\u00e8s connue,sympathique et tranquille, sans immeubles. Il y a \u00e9galement des supermarch\u00e9s,une boulangerie, une pharmacie, un petit h\u00f4pital ainsi que quelques bars de quartier.<br \/>\n11 min en train de la European University(Sarria)<br \/>\n10 min en train de la UAB (universit\u00e9 de Bellatera)<br \/>\n10 min de ESADE (Sant CUGAT DEL VALLES)<br \/>\n15 min en train de la <strong>\u00ab\u00a0Plaza Catalu\u00f1a\u00a0\u00bb. Centre ville de Barcelona<\/strong><\/p>\n<p><!-- [if gte mso 10]>\n\n<![endif]--><\/p>\n<p><strong>PRIX PAR MOIS https:\/\/serpavi.mivau.gob.es\/<\/strong><br \/>\n1-2\u00a0 Pers\/Mois: 890 EUR toutes charges incluses (eau, gaz, internet, bois et \u00e9lectricit\u00e9) + Caution\u00a0 \u00a0+ 40 EUR de nettoyage final<\/p>\n<p><strong>COMMENT ACCEDER ?<br \/>\n<\/strong><strong style=\"line-height: 1.5;\">De l&rsquo;a\u00e9roport :<\/strong><span style=\"line-height: 1.5;\"> Prendre le train RENFE de l a\u00e9roport et sortir \u00e0 la gare de SANTS puis prende m\u00e9tro L5 et sortir \u00e0 Diagonal\/Provenza puis prendre le RER S1 ou S2\u00a0 et descendre \u00e0 la station \u00ab La Floresta \u00bb, 20 mn de train\/RER depuis le centre. Le propri\u00e9taire vous attendra \u00e0 la gare, si vous voulez, ou vous pouvez \u00e9galement prendre le bus L4 qui vous d\u00e9posera \u00e0 500 m\u00e8tres de la maison (trajet de 2 min) sortie Plaza Pere Planas<\/span><\/p>\n","protected":false},"author":7,"featured_media":361798,"menu_order":327,"template":"","class_list":["post-361348","accommodation","type-accommodation","status-publish","has-post-thumbnail","hentry","facility-animaux-acceptes","facility-canape-lit-dans-salon","facility-canape-lit-double","facility-chaise-x-2","facility-chauffage-electrique","facility-condition-claire-fr-2","facility-condition-claire","facility-cuisine-entierement-equipee","facility-douche","facility-draps-et-serviettes-disponibles","facility-etageres","facility-fridge-fr","facility-fumer-autorise","facility-garde-robe","facility-internet-wifi-3-fr","facility-jardin","facility-lit-double","facility-machine-a-cafe","facility-meubles-mediterraneenne","facility-miroir","facility-parking-public","facility-salle-de-bain","facility-salon","facility-sol-en-mosaique","facility-sous-sol","facility-table-fr","facility-table-a-manger","facility-table-de-nuit","facility-toilette","facility-ustensils-de-cuisine","facility-washing-machine-fr","acc_tag-achats","acc_tag-animaux-acceptes","acc_tag-french-eco-nature","acc_tag-enfants-bienvenus","acc_tag-french-students","acc_tag-famille","acc_tag-smokers-friendly-fr","acc_tag-french-young-people","acc_tag-location-longue-duree","acc_tag-personne-supplementaire","acc_tag-taille-moyenne","accommodation_type-appartement-mensuelle"],"_links":{"self":[{"href":"https:\/\/barcelonaroom.com\/fr\/wp-json\/wp\/v2\/accommodation\/361348","targetHints":{"allow":["GET"]}}],"collection":[{"href":"https:\/\/barcelonaroom.com\/fr\/wp-json\/wp\/v2\/accommodation"}],"about":[{"href":"https:\/\/barcelonaroom.com\/fr\/wp-json\/wp\/v2\/types\/accommodation"}],"author":[{"embeddable":true,"href":"https:\/\/barcelonaroom.com\/fr\/wp-json\/wp\/v2\/users\/7"}],"wp:featuredmedia":[{"embeddable":true,"href":"https:\/\/barcelonaroom.com\/fr\/wp-json\/wp\/v2\/media\/361798"}],"wp:attachment":[{"href":"https:\/\/barcelonaroom.com\/fr\/wp-json\/wp\/v2\/media?parent=361348"}],"curies":[{"name":"wp","href":"https:\/\/api.w.org\/{rel}","templated":true}]}}