{"id":356039,"date":"2018-06-19T18:11:16","date_gmt":"2018-06-19T16:11:16","guid":{"rendered":"http:\/\/barcelonaroom.com\/?post_type=accommodation&#038;p=356039"},"modified":"2026-02-03T17:23:26","modified_gmt":"2026-02-03T16:23:26","slug":"h-gran-de-gracia","status":"publish","type":"accommodation","link":"https:\/\/barcelonaroom.com\/fr\/propri\u00e9t\u00e9\/h-gran-de-gracia\/","title":{"rendered":"H GRAN de GRACIA"},"content":{"rendered":"<p><strong>R\u00c9FERENCE : H GRAN DE GRACIA<\/strong><\/p>\n<p><strong>DESCRIPTION<br \/>\n<\/strong>En plein coeur du quartier de GRACIA . Chambre priv\u00e9e avec une grande fen\u00eatre \u00e0 c\u00f4t\u00e9 de l&rsquo;armoire\u00a0 dans appartement lumineux de 90 m\u00b2 avec 3 chambres \u00e0 coucher au total.\u00a0 Le salon est de 22 m\u00b2, avec un canap\u00e9, TV,\u00a0 et une grande terrasse de 70 m\u00b2 est accessible par le salon. Une salle de bain de 6 m\u00b2 est disponible avec 2 lavabos, WC et une douche. L&rsquo;appartement se situe au deuxi\u00e8me \u00e9tage sans ascenseur, \u00e0 partager avec une famille tr\u00e8s agr\u00e9able, une femme de 48 ans et sa fille de 11 ans. Elles ont 2 chats et restent souvent dehors. Fumer est autoris\u00e9 \u00e0 l&rsquo;ext\u00e9rieur.<\/p>\n<p><strong>\u00c9QUIPEMENT\u00a0<\/strong><br \/>\nChambre avec lit simple, une armoire, un petit bureau et une chaise. Chauffage et machine \u00e0 laver.<strong> INTERNET WIFI.\u00a0<\/strong><br \/>\nCuisine avec four et micro-ondes ainsi que r\u00e9frig\u00e9rateur. Draps et serviettes de bain fournis. Planche \u00e0 repasser est disponible. Il y a un petit frigidaire dans la chambre.<\/p>\n<p><strong>SITUATION<br \/>\nEn plein quartier de \u00ab\u00a0Gr\u00e1cia\u00a0\u00bb<\/strong><br \/>\n\u00c0 10 minutes de<strong> \u00ab\u00a0Plaza Catalunya\u00a0\u00bb<\/strong> avec m\u00e9tro ligne <strong>L3<\/strong><br \/>\n\u00c0 3 min \u00e0 pied de la station<strong> \u00ab\u00a0FONTANA\u00a0\u00bb<\/strong> <strong>L3<\/strong> et du RER <strong>\u00ab\u00a0GRACIA\u00a0\u00bb<\/strong><br \/>\n\u00c0 5 min\u00a0 des arr\u00e8ts de <strong>bus : 22. 24 et V17<\/strong><br \/>\n\u00c0 17 min du Parc G\u00fcell avec le m\u00e9tro<strong> L3<br \/>\n<\/strong><\/p>\n<p><strong>PRIX\u00a0<\/strong><br \/>\n<strong>1 Pers : 400 EUR\/Mois, toutes charges incluses (WIFI, Chauffage, Eau et Gaz). Caution de 410 EUR. Plus frais de service.<\/strong><\/p>\n<p><strong>COMMENT Y ACC\u00c9DER ?<\/strong><br \/>\nDe l&rsquo;a\u00e9roport, prenez le train RENFE (avec un ticket de m\u00e9tro zone 1) et descendez \u00e0 l&rsquo;arr\u00eat <strong>PLACE de CATALOGNE<\/strong>, ensuite prenez le m\u00e9tro ligne verte<strong> L3<\/strong> et descendez \u00e0 la station <strong>\u00ab\u00a0FONTANA\u00a0\u00bb<\/strong>. Vous \u00eates \u00e0 5 min \u00e0 pied de l&rsquo;appartement. De la station de train<strong> \u00ab\u00a0SANTS\u00a0\u00bb<\/strong>, prenez le m\u00e9tro <strong>L3<\/strong> et descendez \u00e0 l&rsquo;arr\u00eat <strong>\u00ab\u00a0FONTANA\u00a0\u00bb<\/strong>.<br \/>\n<strong>PARKING : Carrer GRAN DE GRACIA + Carrer de BRET\u00d3N de los HERREROS.<\/strong><\/p>\n<p><strong>OBSERVATIONS<br \/>\nVeuillez consulter le calendrier pour les disponibilit\u00e9s.<\/strong> Les frais d\u2019agence seront vers\u00e9s \u00e0 l\u2019avance, et le reste du loyer se paiera \u00e0 l\u2019arriv\u00e9e dans l\u2019appartement o\u00f9 nous vous remettrons les clefs.\u00a0<strong><br \/>\n<\/strong><\/p>\n","protected":false},"author":7,"featured_media":361925,"menu_order":0,"template":"","class_list":["post-356039","accommodation","type-accommodation","status-publish","has-post-thumbnail","hentry","facility-2eme-etage-sans-ascenseur","facility-animaux","facility-aspirateur","facility-desk-fr","facility-canape-lit-dans-salon","facility-chauffage-radiateur","facility-condition-claire-fr-3","facility-condition-claire-fr-4","facility-cuisine-entierement-equipee","facility-draps-et-serviettes-disponibles","facility-ensoleille","facility-etageres","facility-iron-ironing-board-fr","facility-four","facility-fridge-fr","facility-garde-robe","facility-gaz","facility-grande-terrasse","facility-internet-wifi-3-fr","facility-lave-vaisselle","facility-lit-individuel","facility-machine-a-cafe","facility-classical-fr","facility-langue-source-anglais-meubles-ikea-style","facility-meubles-mediterraneenne","facility-micro-onde","facility-miroir","facility-refrigerateur","facility-salle-de-bain-a-partager","facility-salle-de-bains-a-partager","facility-salon","facility-seche-cheveux","facility-floor-parquet-fr","facility-table-a-manger","facility-table-de-nuit","facility-telephone-pour-recevoir-appels","facility-toilette","facility-tv-fr-2","facility-ustensils-de-cuisine","facility-washing-machine-fr","facility-wc-a-part","acc_tag-location-centre-ville","acc_tag-location-longue-duree","acc_tag-partage-avec-la-famille","acc_tag-ville","accommodation_type-chambre-mensuelle"],"_links":{"self":[{"href":"https:\/\/barcelonaroom.com\/fr\/wp-json\/wp\/v2\/accommodation\/356039","targetHints":{"allow":["GET"]}}],"collection":[{"href":"https:\/\/barcelonaroom.com\/fr\/wp-json\/wp\/v2\/accommodation"}],"about":[{"href":"https:\/\/barcelonaroom.com\/fr\/wp-json\/wp\/v2\/types\/accommodation"}],"author":[{"embeddable":true,"href":"https:\/\/barcelonaroom.com\/fr\/wp-json\/wp\/v2\/users\/7"}],"wp:featuredmedia":[{"embeddable":true,"href":"https:\/\/barcelonaroom.com\/fr\/wp-json\/wp\/v2\/media\/361925"}],"wp:attachment":[{"href":"https:\/\/barcelonaroom.com\/fr\/wp-json\/wp\/v2\/media?parent=356039"}],"curies":[{"name":"wp","href":"https:\/\/api.w.org\/{rel}","templated":true}]}}