{"id":343730,"date":"2017-04-24T19:18:40","date_gmt":"2017-04-24T17:18:40","guid":{"rendered":"http:\/\/barcelonaroom.com\/?post_type=accommodation&#038;p=343730\/"},"modified":"2024-07-03T12:57:10","modified_gmt":"2024-07-03T10:57:10","slug":"pm-loft-executive","status":"publish","type":"accommodation","link":"https:\/\/barcelonaroom.com\/fr\/propri\u00e9t\u00e9\/pm-loft-executive\/","title":{"rendered":"PM LOFT EXECUTIVE"},"content":{"rendered":"<p><strong>R\u00e9f\u00e9rence: PM LOFT EXECUTIVE<br \/>\n<\/strong>Bel appartement, moderne de 70m\u00b2 situ\u00e9 dans le \u00abEixample Derecho\u00bb. L\u2019appartement est calme et lumineux, et est enti\u00e8rement \u00e9quip\u00e9e. Il y a une salle de bains avec douche, et une cuisine enti\u00e8rement \u00e9quip\u00e9e. Le salon contient un canap\u00e9-lit double . Animaux interdits. Il est interdit de fumer dans l\u2019appartement.<\/p>\n<p><strong>\u00c9QUIPEMENT<br \/>\n<\/strong>RDC avec ascenseur.<br \/>\nA \/ C, WIFI, grille-pain, chauffage, r\u00e9frig\u00e9rateur, machine \u00e0 laver, four micro-ondes, machine \u00e0 caf\u00e9, TV. <strong>INTERNET 600MG.\u00a0<\/strong><br \/>\nLes draps et serviettes sont disponibles.<\/p>\n<p><strong>EMPLACEMENT<br \/>\n<\/strong>5 min de la station de m\u00e9tro \u00ab\u00a0ENCANTS\u00a0\u00bb (L2, L5).<br \/>\n15 min en m\u00e9tro \u00ab Place de Catalogne \u00bb<br \/>\n30 min en m\u00e9tro de la gare principale \u00ab\u00a0Sants\u00a0\u00bb.<br \/>\nTous les types de services sont disponibles dans la r\u00e9gion (restaurants, boutiques, supermarch\u00e9s\u2026).<\/p>\n<p><strong>PRIX : https:\/\/serpavi.mivau.gob.es\/<\/strong><strong><em><br \/>\n<\/em><\/strong><strong>2024 : PRIX PAR MOIS (min 32 nuits max.11 mois)\u00a0<em><br \/>\n<\/em><\/strong>1 ou 2 Pers: 1300 \u20ac\/Mois (eau et \u00e9lectricit\u00e9 5 EUR\/Jour) + 2 EUR\/Jour pour INTERNET WIFI.<br \/>\nSuppl\u00e9ment de 10 EUR\/Pers\/Nuit pour chaque invit\u00e9. <strong> (15% de frais de service inclus.) + <\/strong><strong>1 Mois de caution pour 6 mois et 2 mois pour 11 mois.<br \/>\nLa propri\u00e9taire souhaite en guise de confirmation une avance de 500 EUR de la caution . Les frais de service de 15%\u00a0 seront d\u00e9duits du premier mois de votre loyer.\u00a0<\/strong><\/p>\n<p><strong>2025 : PRIX PAR MOIS (min 32 nuits max.11 mois)\u00a0<em><br \/>\n<\/em><\/strong>1 ou 2 Pers: 1350 \u20ac\/Mois (eau et \u00e9lectricit\u00e9 6 EUR\/Jour) + 3 EUR\/Jour pour INTERNET WIFI.<br \/>\nSuppl\u00e9ment de 11 EUR\/Pers\/Nuit pour chaque invit\u00e9.<strong>\u00a0(16% Frais de services inclus.) + 1 Mois de caution pour 6 mois et 2 mois pour 11 mois<br \/>\nLa propri\u00e9taire souhaite en guise de confirmation une avance de 500 EUR de la caution . Les frais de service de 15%\u00a0 seront d\u00e9duits du premier mois de votre loyer.<br \/>\n<\/strong><\/p>\n<p><strong>2026 : PRIX PAR MOIS (min 32 nuits max.11 mois)\u00a0<em><br \/>\n<\/em><\/strong>1 ou 2 Pers: 1400 \u20ac\/Mois (eau et \u00e9lectricit\u00e9 7 EUR\/Jour) + 4 EUR\/Jour pour INTERNET WIFI.<br \/>\nSuppl\u00e9ment de 12 EUR\/Pers\/Nuit pour chaque invit\u00e9.<strong> (17% Frais de services inclus.) + 1 Mois de caution pour 6 mois et 2 mois pour 11 mois<br \/>\nLa propri\u00e9taire souhaite en guise de confirmation une avance de 500 EUR de la caution . Les frais de service de 15%\u00a0 seront d\u00e9duits du premier mois de votre loyer.<br \/>\n<\/strong><\/p>\n<p><strong>COMMENT ACCEDER ?<br \/>\nM\u00e9tro L2 ; \u00ab ENCANTS \u00bb \/ \u00ab CLOT \u00bb. De l&rsquo;a\u00e9roport :<\/strong> prenez le <strong>train<\/strong> (<strong>RENFE<\/strong>) jusqu&rsquo;\u00e0 l&rsquo;arr\u00eat <strong>\u00ab CLOT \u00bb.<br \/>\n<\/strong>L&rsquo;appartement se trouve \u00e0 10 min \u00e0 pied de la gare. Le trajet de l&rsquo;a\u00e9roport jusqu&rsquo;\u00e0 l&rsquo;appartement dure 45 min environ.<\/p>\n","protected":false},"author":7,"featured_media":341275,"menu_order":0,"template":"","class_list":["post-343730","accommodation","type-accommodation","status-publish","has-post-thumbnail","hentry","facility-1er-etage-avec-ascenseur","facility-ascenseur","facility-balcon","facility-canape-lit-double","facility-chauffage","facility-climatisation","facility-condition-claire-fr-3","facility-condition-claire","facility-cuisine-entierement-equipee","facility-douche-privee","facility-draps-et-serviettes-disponibles","facility-entierement-meuble","facility-four","facility-fridge-fr","facility-internet-fr","facility-lit-double","facility-machine-a-cafe","facility-classical-fr","facility-miroir","facility-parking-public","facility-refrigerateur","facility-salle-de-bains-privee","facility-salon","facility-sol-en-pierre","facility-table-a-manger","facility-table-de-nuit","facility-toilette","facility-ustensils-de-cuisine","facility-washing-machine-fr","acc_tag-achats","acc_tag-french-students","acc_tag-famille","acc_tag-french-young-people","acc_tag-large-tourist-place-fr","acc_tag-location-centre-ville","acc_tag-location-longue-duree","acc_tag-partage-avec-des-professionnels","acc_tag-vie-nocturne","acc_tag-ville","accommodation_type-appartement-mensuelle"],"_links":{"self":[{"href":"https:\/\/barcelonaroom.com\/fr\/wp-json\/wp\/v2\/accommodation\/343730","targetHints":{"allow":["GET"]}}],"collection":[{"href":"https:\/\/barcelonaroom.com\/fr\/wp-json\/wp\/v2\/accommodation"}],"about":[{"href":"https:\/\/barcelonaroom.com\/fr\/wp-json\/wp\/v2\/types\/accommodation"}],"author":[{"embeddable":true,"href":"https:\/\/barcelonaroom.com\/fr\/wp-json\/wp\/v2\/users\/7"}],"wp:featuredmedia":[{"embeddable":true,"href":"https:\/\/barcelonaroom.com\/fr\/wp-json\/wp\/v2\/media\/341275"}],"wp:attachment":[{"href":"https:\/\/barcelonaroom.com\/fr\/wp-json\/wp\/v2\/media?parent=343730"}],"curies":[{"name":"wp","href":"https:\/\/api.w.org\/{rel}","templated":true}]}}