{"id":361489,"date":"2014-05-23T00:00:00","date_gmt":"2014-05-22T22:00:00","guid":{"rendered":"https:\/\/barcelonaroom.com\/property\/p-raval-3\/"},"modified":"2025-04-09T17:06:04","modified_gmt":"2025-04-09T15:06:04","slug":"vp-san-antoni","status":"publish","type":"accommodation","link":"https:\/\/barcelonaroom.com\/es\/propiedad\/vp-san-antoni\/","title":{"rendered":"VP Metro L2 SAN ANTONI"},"content":{"rendered":"<p><strong><br \/>\n<\/strong>EN VENTA: Apartamento encantador de 85 m2 de dise\u00f1o moderno,\u00a0 con ascensor y todo el confort que necesita para sentirse como en casa. Construido en 2007. Se vende tal cual se ve en las fotos con Parking plaza grande incluida. Situado en el barrio m\u00e1s c\u00e9ntrico y cultural de Barcelona. Plaza de parking para coche grande disponible en el edificio. Apto para discapacitados<\/p>\n<p><strong>EQUIPAMIENTO<\/strong><br \/>\nHabitaci\u00f3n-1 (suite) con cama doble, armario grande y ba\u00f1o con ba\u00f1era de hidromasaje. Habitaci\u00f3n-2 con dos camas individuales, armario, (salida a balc\u00f3n) Ba\u00f1o 1 (suite) con ba\u00f1era de hidromasaje. Ba\u00f1o 2 independiente con ducha.<br \/>\nSal\u00f3n comedor (con balc\u00f3n soleado) con sof\u00e1-cama grande, TV LCD 32&#8243;, TV digital, DVD (mp3, mpg4.) tel\u00e9fono (para recibir llamadas).<br \/>\nCocina Totalmente equipada, con Horno, Microondas, lavaplatos, frigor\u00edfico-congelador, tostadora, exprimidor, cafetera, hervidor de agua, etc.<br \/>\nAccesorios: Lavadora-secadora, plancha, tabla de planchar, aspiradora. <strong>INTERNET<\/strong><br \/>\nAire acondicionado con bomba de calor canalizado, calefacci\u00f3n centralizada.<br \/>\nVajilla completa y todos los elementos de cocina necesarios.<br \/>\nCuenta con s\u00e1banas, edredones, toallas. No se permiten fiestas privadas en el edificio.<\/p>\n<p><strong>SITUACI\u00d3N<\/strong><br \/>\nSe encuentra el medieval barrio de \u00ab<strong>El Raval<\/strong>\u00bb Cerca de los barrios <strong>G\u00f3tico<\/strong> y <strong>Borne<\/strong>. All\u00ed podr\u00e1 disfrutar de un buen ambiente, la vida nocturna, y multitud de bares y restaurantes, as\u00ed como las mejores boutiques. Muy bien comunicado. A 1 minuto del Metro <strong>Sant Antoni<\/strong> (L2), 2 min. Del Mercado Sant Antoni, 3 min.<strong> Macba<\/strong>. , 7 min. De<strong> Las Ramblas<\/strong>, Boqueria, <strong>Plaza Catalunya<\/strong>. Es una zona estrat\u00e9gica desde donde podr\u00e1 visitar todo el centro de Barcelona y disfrutar del inolvidable ambiente. El Mercado de Sant Antoni ofrece una gran variedad de comidas de todo tipo y los domingos podr\u00e1n disfrutar del la tradicional venta e intercambio de libros de ocasi\u00f3n.<\/p>\n<p><strong>PRECIO con Parking incluido.<\/strong><br \/>\n345 000 EUR con comisi\u00f3n incluida + 20 000 EUR .<\/p>\n<p>Se alquila por meses actualmente hasta la venta \u00e0:<br \/>\n1-4 Pers\/Mes : 2500 EUR,350 Kw de electricidad incluida+ 60 EUR limpieza final+ 300 EUR fianza<\/p>\n<p><strong>COMO LLEGAR ALL\u00cd<\/strong><br \/>\n<strong>Metro L1 ; parada \u00abSANT ANTONI\u00bb <\/strong><strong>Del aeropuerto <\/strong>: Coge el tren RENFE hasta la <strong>\u00abESTACI\u00d3N de SANTS\u00bb<\/strong>.\u00a0 <strong>Despues la estaci\u00f3n de \u00abSants\u00bb<\/strong> : Coge el metro <strong>L2<\/strong>\u00a0hasta <strong>\u00ab<\/strong><strong>Universitat\u00bb<\/strong>. \u00a0Se encontrar\u00e1 a 12 minutos andando del apartamento.<\/p>\n","protected":false},"author":7,"featured_media":361495,"menu_order":0,"template":"","class_list":["post-361489","accommodation","type-accommodation","status-publish","has-post-thumbnail","hentry","facility-2-dormitorios","facility-2o-piso-con-ascensor","facility-aire-acondicionado","facility-ascensor","facility-aspiradora","facility-balcon-es","facility-banera","facility-bano","facility-cafetera-italiana","facility-calefaccion-calentador","facility-cama-doble-en-litera","facility-cama-individual-x-2","facility-cama-doble","facility-cocina-totalmente-equipada","facility-comedor","facility-cuarto-de-bano-x-2","facility-cuna-es","facility-ducha","facility-espejo","facility-estado-comodo","facility-estado-luminoso","facility-estanteria","facility-exprimidor","facility-garaje","facility-gas-es","facility-geschirr-und-besteck-es","facility-guardarropa","facility-hi-fi-stereo-es","facility-horno","facility-internet-es","facility-lavavajillas","facility-maquina-de-cafe","facility-mesa","facility-mesa-de-noche","facility-microonda","facility-muebles-moderno","facility-nevera-congelador","facility-salon-es","facility-silla-x-4","facility-sofa-es","facility-sofa-cama-doble","facility-soleado","facility-suelo-laminado","facility-suelo-madera","facility-iron-ironing-board-es","facility-tostadora","facility-tv-digital-es","facility-utensilios-de-cocina-es","facility-washing-machine-es","acc_tag-centro-ciudad","acc_tag-ciudad","acc_tag-compras","acc_tag-familia","acc_tag-large-tourist-place-es","acc_tag-spanish-night-life","acc_tag-ninos-bienvenidos","acc_tag-super-deal-es","accommodation_type-en-venta"],"_links":{"self":[{"href":"https:\/\/barcelonaroom.com\/es\/wp-json\/wp\/v2\/accommodation\/361489","targetHints":{"allow":["GET"]}}],"collection":[{"href":"https:\/\/barcelonaroom.com\/es\/wp-json\/wp\/v2\/accommodation"}],"about":[{"href":"https:\/\/barcelonaroom.com\/es\/wp-json\/wp\/v2\/types\/accommodation"}],"author":[{"embeddable":true,"href":"https:\/\/barcelonaroom.com\/es\/wp-json\/wp\/v2\/users\/7"}],"wp:featuredmedia":[{"embeddable":true,"href":"https:\/\/barcelonaroom.com\/es\/wp-json\/wp\/v2\/media\/361495"}],"wp:attachment":[{"href":"https:\/\/barcelonaroom.com\/es\/wp-json\/wp\/v2\/media?parent=361489"}],"curies":[{"name":"wp","href":"https:\/\/api.w.org\/{rel}","templated":true}]}}