{"id":356051,"date":"2018-06-21T18:17:14","date_gmt":"2018-06-21T16:17:14","guid":{"rendered":"http:\/\/barcelonaroom.com\/?post_type=accommodation&#038;p=356051"},"modified":"2026-02-03T17:24:09","modified_gmt":"2026-02-03T16:24:09","slug":"h-gran-de-via","status":"publish","type":"accommodation","link":"https:\/\/barcelonaroom.com\/de\/eigentum\/h-gran-de-via\/","title":{"rendered":"H GRAN de GRACIA"},"content":{"rendered":"<p><strong>REFERENZ : H GRAN DE GRACIA<\/strong><\/p>\n<p><strong>BESCHREIBUNG<br \/>\n<\/strong>Im Viertel : GRACIA.6 qm Zimmer mit grosses Fenster neben dem Schrank f\u00fcr 1 Person zur verf\u00fcgung in helle 90 qm Wohnung die insgesamt 3 Schlafzimmer hat. Das gemeinschaft Zimmer ist 22 qm gross und hat ein Blick auf die K\u00fcche und 70 qm private Terrasse.\u00a0 Das Bad ist 6 qm gross mit Dusche und WC. Die Wohnung ist mit eine spanische Frau und Ihre Tochter die 11 Jare alt ist. 2 Katzen leben in der Wohnung und sind meinstens draussen. Rauchen ist auf der Terrasse .2 ten Stock ohne Fahrstuhl.<\/p>\n<p><strong>AUSSTATUNG:<\/strong><br \/>\nNormales Zimmer mit Bett , Schrank, Schreibtisch und ein Regal. Heizung,Washmachine.<strong> INTERNET WIFI.<\/strong><br \/>\nHandt\u00fccher und Bettw\u00e4sche sind zur verf\u00fcgung. Klein K\u00fchlschrank im Schlafzimmer zur verf\u00fcgung.<\/p>\n<p><strong>LAGE<br \/>\nIm Herz von\u00a0 &#8222;Gr\u00e1cia&#8220;<\/strong><br \/>\n10 min entfern vom <strong>\u00a0&#8222;Plaza\u00a0 Katalunien&#8220;<\/strong>\u00a0mit metro oder Sbahn zur erreichen.<br \/>\n3 min entfern von der Stazion <strong>&#8222;FONTANA&#8220;<\/strong> <strong>L3 und SBahn<\/strong>\u00a0<strong>&#8222;GRACIA&#8220;<\/strong><br \/>\n5 min\u00a0 entfern von Bushaltestellen\u00a0<strong>: 22. 24 und V17<br \/>\n<\/strong>17 min entfern vom Parc G\u00fcell mit der <strong>\u00a0L3<br \/>\n<\/strong><\/p>\n<p><strong>PREIS\u00a0<\/strong><br \/>\n<strong>1 Pers : 400 EUR\/Monate, inkl : WIFI, Heizung, Wasser und Gaz. Kaution 400\u00a0 EUR. Servicesgeb\u00fchren nicht inkl.<\/strong><\/p>\n<p><strong>VERKEHRSVERBINDUNG<\/strong><br \/>\nAm Flughafen nehmen Sie den Zug RENFE und steigen Sie bitte in\u00a0<strong>PLAZA KATALUNIEN aus , dann steigen Sie in die gr\u00fcne <\/strong><strong>L3<\/strong>\u00a0 bis\u00a0 Stazion\u00a0\u00a0<strong>&#8222;FONTANA&#8220;<\/strong>. Sie\u00a0 befinden Sich\u00a0 5 min entfern von der Wohnung.<br \/>\nVom Bahnof<strong>\u00a0&#8222;SANTS&#8220;<\/strong>, nehmen Sie die\u00a0\u00a0<strong>L3<\/strong>\u00a0und steigen aus in\u00a0\u00a0<strong>&#8222;FONTANA&#8220;<\/strong>.<br \/>\n<strong>PARKING : Carrer GRAN DE GRACIA + Carrer de BRET\u00d3N de los HERREROS.<\/strong><\/p>\n<p>&nbsp;<\/p>\n","protected":false},"author":7,"featured_media":361925,"menu_order":0,"template":"","class_list":["post-356051","accommodation","type-accommodation","status-publish","has-post-thumbnail","hentry","facility-2-stock-ohne-farhstuhl","facility-bad-zu-teilen","facility-floor-parquet-de","facility-iron-ironing-board-de","facility-einzelbett","facility-esstisch","facility-gas-de","facility-gemeinsames-bad","facility-geschirrspueler","facility-grosse-terrasse","facility-haartrockner","facility-handtuecher-bettwaesche-vorhanden","facility-heizkoerper","facility-internet-wifi-3-de","facility-kaffee-machine","facility-kleiderschrank-de-2","facility-kochutensilien-de","facility-fridge-de","facility-kuehlschrank-mit-gefrierfach","facility-microwave-de","facility-moebel-ikea-stil","facility-classical-de","facility-moebel-mittelmeer","facility-nachttisch","facility-ofen","facility-regale","facility-normales-schlafsofa-de","facility-schreibtisch","facility-sonnig","facility-spiegel","facility-staubsauger","facility-telefon-fuer-eingehende-anrufe","facility-tiere","facility-toilette-de","facility-tv-de","facility-voll-ausgestattete-kueche","facility-washing-machine-de","facility-wc-de","facility-wohnzimmer","facility-zustand-gemuetlich","facility-zustand-ruhig","acc_tag-langzeitmiete","acc_tag-mit-der-familie-geteilt","acc_tag-stadt","acc_tag-stadtmitte-zentrum","accommodation_type-monatszimmer"],"_links":{"self":[{"href":"https:\/\/barcelonaroom.com\/de\/wp-json\/wp\/v2\/accommodation\/356051","targetHints":{"allow":["GET"]}}],"collection":[{"href":"https:\/\/barcelonaroom.com\/de\/wp-json\/wp\/v2\/accommodation"}],"about":[{"href":"https:\/\/barcelonaroom.com\/de\/wp-json\/wp\/v2\/types\/accommodation"}],"author":[{"embeddable":true,"href":"https:\/\/barcelonaroom.com\/de\/wp-json\/wp\/v2\/users\/7"}],"wp:featuredmedia":[{"embeddable":true,"href":"https:\/\/barcelonaroom.com\/de\/wp-json\/wp\/v2\/media\/361925"}],"wp:attachment":[{"href":"https:\/\/barcelonaroom.com\/de\/wp-json\/wp\/v2\/media?parent=356051"}],"curies":[{"name":"wp","href":"https:\/\/api.w.org\/{rel}","templated":true}]}}